{"id":4187,"date":"2025-02-27T22:01:46","date_gmt":"2025-02-27T21:01:46","guid":{"rendered":"https:\/\/lima-sprachschule.de\/dev\/?post_type=product&#038;p=4187"},"modified":"2025-02-28T09:30:39","modified_gmt":"2025-02-28T08:30:39","slug":"franzoesisch-privatkurs-online","status":"publish","type":"product","link":"https:\/\/lima-sprachschule.de\/it\/kurs\/franzoesisch-privatkurs-online\/","title":{"rendered":"Franz\u00f6sisch Privatkurs"},"content":{"rendered":"\t\t<div data-elementor-type=\"wp-post\" data-elementor-id=\"4187\" class=\"elementor elementor-4187\">\n\t\t\t\t<div class=\"elementor-element elementor-element-4bc66823 e-flex e-con-boxed e-con e-parent\" data-id=\"4bc66823\" data-element_type=\"container\" data-e-type=\"container\">\n\t\t\t\t\t<div class=\"e-con-inner\">\n\t\t\t\t<div class=\"elementor-element elementor-element-7f521720 elementor-widget elementor-widget-heading\" data-id=\"7f521720\" data-element_type=\"widget\" data-e-type=\"widget\" data-widget_type=\"heading.default\">\n\t\t\t\t<div class=\"elementor-widget-container\">\n\t\t\t\t\t<h2 class=\"elementor-heading-title elementor-size-default\">Franz\u00f6sisch Privatkurs Online: Entdecke die Sch\u00f6nheit der franz\u00f6sischen Sprache!<\/h2>\t\t\t\t<\/div>\n\t\t\t\t<\/div>\n\t\t\t\t\t<\/div>\n\t\t\t\t<\/div>\n\t\t\t\t<section class=\"elementor-section elementor-top-section elementor-element elementor-element-7a4db964 elementor-section-stretched elementor-section-boxed elementor-section-height-default elementor-section-height-default\" data-id=\"7a4db964\" data-element_type=\"section\" data-e-type=\"section\" data-settings=\"{&quot;stretch_section&quot;:&quot;section-stretched&quot;}\">\n\t\t\t\t\t\t<div class=\"elementor-container elementor-column-gap-no\">\n\t\t\t\t\t<div class=\"elementor-column elementor-col-33 elementor-top-column elementor-element elementor-element-15a2c85d\" data-id=\"15a2c85d\" data-element_type=\"column\" data-e-type=\"column\" data-settings=\"{&quot;background_background&quot;:&quot;classic&quot;}\">\n\t\t\t<div class=\"elementor-widget-wrap elementor-element-populated\">\n\t\t\t\t\t\t<div class=\"elementor-element elementor-element-3590248e elementor-view-default elementor-position-block-start elementor-mobile-position-block-start elementor-widget elementor-widget-icon-box\" data-id=\"3590248e\" data-element_type=\"widget\" data-e-type=\"widget\" data-widget_type=\"icon-box.default\">\n\t\t\t\t<div class=\"elementor-widget-container\">\n\t\t\t\t\t\t\t<div class=\"elementor-icon-box-wrapper\">\n\n\t\t\t\t\t\t<div class=\"elementor-icon-box-icon\">\n\t\t\t\t<span  class=\"elementor-icon\">\n\t\t\t\t<svg aria-hidden=\"true\" class=\"e-font-icon-svg e-far-calendar-alt\" viewBox=\"0 0 448 512\" xmlns=\"http:\/\/www.w3.org\/2000\/svg\"><path d=\"M148 288h-40c-6.6 0-12-5.4-12-12v-40c0-6.6 5.4-12 12-12h40c6.6 0 12 5.4 12 12v40c0 6.6-5.4 12-12 12zm108-12v-40c0-6.6-5.4-12-12-12h-40c-6.6 0-12 5.4-12 12v40c0 6.6 5.4 12 12 12h40c6.6 0 12-5.4 12-12zm96 0v-40c0-6.6-5.4-12-12-12h-40c-6.6 0-12 5.4-12 12v40c0 6.6 5.4 12 12 12h40c6.6 0 12-5.4 12-12zm-96 96v-40c0-6.6-5.4-12-12-12h-40c-6.6 0-12 5.4-12 12v40c0 6.6 5.4 12 12 12h40c6.6 0 12-5.4 12-12zm-96 0v-40c0-6.6-5.4-12-12-12h-40c-6.6 0-12 5.4-12 12v40c0 6.6 5.4 12 12 12h40c6.6 0 12-5.4 12-12zm192 0v-40c0-6.6-5.4-12-12-12h-40c-6.6 0-12 5.4-12 12v40c0 6.6 5.4 12 12 12h40c6.6 0 12-5.4 12-12zm96-260v352c0 26.5-21.5 48-48 48H48c-26.5 0-48-21.5-48-48V112c0-26.5 21.5-48 48-48h48V12c0-6.6 5.4-12 12-12h40c6.6 0 12 5.4 12 12v52h128V12c0-6.6 5.4-12 12-12h40c6.6 0 12 5.4 12 12v52h48c26.5 0 48 21.5 48 48zm-48 346V160H48v298c0 3.3 2.7 6 6 6h340c3.3 0 6-2.7 6-6z\"><\/path><\/svg>\t\t\t\t<\/span>\n\t\t\t<\/div>\n\t\t\t\n\t\t\t\t\t\t<div class=\"elementor-icon-box-content\">\n\n\t\t\t\t\t\t\t\t\t<h3 class=\"elementor-icon-box-title\">\n\t\t\t\t\t\t<span  >\n\t\t\t\t\t\t\tUnterrichtstage\t\t\t\t\t\t<\/span>\n\t\t\t\t\t<\/h3>\n\t\t\t\t\n\t\t\t\t\t\t\t\t\t<p class=\"elementor-icon-box-description\">\n\t\t\t\t\t\tDu entscheidest!\t\t\t\t\t<\/p>\n\t\t\t\t\n\t\t\t<\/div>\n\t\t\t\n\t\t<\/div>\n\t\t\t\t\t\t<\/div>\n\t\t\t\t<\/div>\n\t\t\t\t\t<\/div>\n\t\t<\/div>\n\t\t\t\t<div class=\"elementor-column elementor-col-33 elementor-top-column elementor-element elementor-element-303361a0\" data-id=\"303361a0\" data-element_type=\"column\" data-e-type=\"column\" data-settings=\"{&quot;background_background&quot;:&quot;classic&quot;}\">\n\t\t\t<div class=\"elementor-widget-wrap elementor-element-populated\">\n\t\t\t\t\t\t<div class=\"elementor-element elementor-element-304ed533 elementor-view-default elementor-position-block-start elementor-mobile-position-block-start elementor-widget elementor-widget-icon-box\" data-id=\"304ed533\" data-element_type=\"widget\" data-e-type=\"widget\" data-widget_type=\"icon-box.default\">\n\t\t\t\t<div class=\"elementor-widget-container\">\n\t\t\t\t\t\t\t<div class=\"elementor-icon-box-wrapper\">\n\n\t\t\t\t\t\t<div class=\"elementor-icon-box-icon\">\n\t\t\t\t<span  class=\"elementor-icon\">\n\t\t\t\t<svg aria-hidden=\"true\" class=\"e-font-icon-svg e-fas-play-circle\" viewBox=\"0 0 512 512\" xmlns=\"http:\/\/www.w3.org\/2000\/svg\"><path d=\"M256 8C119 8 8 119 8 256s111 248 248 248 248-111 248-248S393 8 256 8zm115.7 272l-176 101c-15.8 8.8-35.7-2.5-35.7-21V152c0-18.4 19.8-29.8 35.7-21l176 107c16.4 9.2 16.4 32.9 0 42z\"><\/path><\/svg>\t\t\t\t<\/span>\n\t\t\t<\/div>\n\t\t\t\n\t\t\t\t\t\t<div class=\"elementor-icon-box-content\">\n\n\t\t\t\t\t\t\t\t\t<h3 class=\"elementor-icon-box-title\">\n\t\t\t\t\t\t<span  >\n\t\t\t\t\t\t\tKursdauer\t\t\t\t\t\t<\/span>\n\t\t\t\t\t<\/h3>\n\t\t\t\t\n\t\t\t\t\t\t\t\t\t<p class=\"elementor-icon-box-description\">\n\t\t\t\t\t\tDu entscheidest!\t\t\t\t\t<\/p>\n\t\t\t\t\n\t\t\t<\/div>\n\t\t\t\n\t\t<\/div>\n\t\t\t\t\t\t<\/div>\n\t\t\t\t<\/div>\n\t\t\t\t\t<\/div>\n\t\t<\/div>\n\t\t\t\t<div class=\"elementor-column elementor-col-33 elementor-top-column elementor-element elementor-element-574da6a\" data-id=\"574da6a\" data-element_type=\"column\" data-e-type=\"column\" data-settings=\"{&quot;background_background&quot;:&quot;classic&quot;}\">\n\t\t\t<div class=\"elementor-widget-wrap elementor-element-populated\">\n\t\t\t\t\t\t<div class=\"elementor-element elementor-element-1c35c7d5 elementor-widget__width-initial elementor-view-default elementor-position-block-start elementor-mobile-position-block-start elementor-widget elementor-widget-icon-box\" data-id=\"1c35c7d5\" data-element_type=\"widget\" data-e-type=\"widget\" data-widget_type=\"icon-box.default\">\n\t\t\t\t<div class=\"elementor-widget-container\">\n\t\t\t\t\t\t\t<div class=\"elementor-icon-box-wrapper\">\n\n\t\t\t\t\t\t<div class=\"elementor-icon-box-icon\">\n\t\t\t\t<span  class=\"elementor-icon\">\n\t\t\t\t<svg aria-hidden=\"true\" class=\"e-font-icon-svg e-far-clock\" viewBox=\"0 0 512 512\" xmlns=\"http:\/\/www.w3.org\/2000\/svg\"><path d=\"M256 8C119 8 8 119 8 256s111 248 248 248 248-111 248-248S393 8 256 8zm0 448c-110.5 0-200-89.5-200-200S145.5 56 256 56s200 89.5 200 200-89.5 200-200 200zm61.8-104.4l-84.9-61.7c-3.1-2.3-4.9-5.9-4.9-9.7V116c0-6.6 5.4-12 12-12h32c6.6 0 12 5.4 12 12v141.7l66.8 48.6c5.4 3.9 6.5 11.4 2.6 16.8L334.6 349c-3.9 5.3-11.4 6.5-16.8 2.6z\"><\/path><\/svg>\t\t\t\t<\/span>\n\t\t\t<\/div>\n\t\t\t\n\t\t\t\t\t\t<div class=\"elementor-icon-box-content\">\n\n\t\t\t\t\t\t\t\t\t<h3 class=\"elementor-icon-box-title\">\n\t\t\t\t\t\t<span  >\n\t\t\t\t\t\t\tStartzeit (ab)\t\t\t\t\t\t<\/span>\n\t\t\t\t\t<\/h3>\n\t\t\t\t\n\t\t\t\t\t\t\t\t\t<p class=\"elementor-icon-box-description\">\n\t\t\t\t\t\tDu entscheidest!\t\t\t\t\t<\/p>\n\t\t\t\t\n\t\t\t<\/div>\n\t\t\t\n\t\t<\/div>\n\t\t\t\t\t\t<\/div>\n\t\t\t\t<\/div>\n\t\t\t\t\t<\/div>\n\t\t<\/div>\n\t\t\t\t\t<\/div>\n\t\t<\/section>\n\t\t\t\t<section class=\"elementor-section elementor-top-section elementor-element elementor-element-5e8cba44 elementor-section-stretched elementor-section-boxed elementor-section-height-default elementor-section-height-default\" data-id=\"5e8cba44\" data-element_type=\"section\" data-e-type=\"section\" data-settings=\"{&quot;stretch_section&quot;:&quot;section-stretched&quot;,&quot;background_background&quot;:&quot;classic&quot;}\">\n\t\t\t\t\t\t<div class=\"elementor-container elementor-column-gap-no\">\n\t\t\t\t\t<div class=\"elementor-column elementor-col-50 elementor-top-column elementor-element elementor-element-c852d9a\" data-id=\"c852d9a\" data-element_type=\"column\" data-e-type=\"column\">\n\t\t\t<div class=\"elementor-widget-wrap elementor-element-populated\">\n\t\t\t\t\t\t<div class=\"elementor-element elementor-element-1e23209f elementor-widget elementor-widget-text-editor\" data-id=\"1e23209f\" data-element_type=\"widget\" data-e-type=\"widget\" data-widget_type=\"text-editor.default\">\n\t\t\t\t<div class=\"elementor-widget-container\">\n\t\t\t\t\t\t\t\t\t<p data-sourcepos=\"9:1-9:75\"><strong>Lerne Franz\u00f6sisch mit Spa\u00df und Flexibilit\u00e4t \u2013 ganz individuell!<\/strong><\/p><p data-sourcepos=\"11:1-11:230\">Bonjour! Tr\u00e4umst du davon, flie\u00dfend Franz\u00f6sisch zu sprechen? M\u00f6chtest du die romantische Atmosph\u00e4re von Paris erleben, die provenzalische K\u00fcche genie\u00dfen oder dich mit Einheimischen in Quebec unterhalten?<\/p><p data-sourcepos=\"13:1-13:223\">Mit unserem Franz\u00f6sisch Privatkurs Online kannst du deine Tr\u00e4ume verwirklichen! Lerne wann, wo und wie du willst \u2013 mit individueller Betreuung, ma\u00dfgeschneiderten Inhalten und maximaler Flexibilit\u00e4t.<\/p>\t\t\t\t\t\t\t\t<\/div>\n\t\t\t\t<\/div>\n\t\t\t\t<div class=\"elementor-element elementor-element-adc9433 elementor-widget elementor-widget-image\" data-id=\"adc9433\" data-element_type=\"widget\" data-e-type=\"widget\" data-widget_type=\"image.default\">\n\t\t\t\t<div class=\"elementor-widget-container\">\n\t\t\t\t\t\t\t\t\t\t\t\t\t\t\t<img loading=\"lazy\" loading=\"lazy\" decoding=\"async\" width=\"600\" height=\"600\" src=\"https:\/\/lima-sprachschule.de\/wp-content\/uploads\/2025\/02\/7-3.png\" class=\"attachment-full size-full wp-image-4146\" alt=\"\" srcset=\"https:\/\/lima-sprachschule.de\/wp-content\/uploads\/2025\/02\/7-3.png 600w, https:\/\/lima-sprachschule.de\/wp-content\/uploads\/2025\/02\/7-3-300x300.png 300w, https:\/\/lima-sprachschule.de\/wp-content\/uploads\/2025\/02\/7-3-100x100.png 100w, https:\/\/lima-sprachschule.de\/wp-content\/uploads\/2025\/02\/7-3-400x400.png 400w, https:\/\/lima-sprachschule.de\/wp-content\/uploads\/2025\/02\/7-3-150x150.png 150w, https:\/\/lima-sprachschule.de\/wp-content\/uploads\/2025\/02\/7-3-1x1.png 1w, https:\/\/lima-sprachschule.de\/wp-content\/uploads\/2025\/02\/7-3-10x10.png 10w\" sizes=\"auto, (max-width: 600px) 100vw, 600px\" \/>\t\t\t\t\t\t\t\t\t\t\t\t\t\t\t<\/div>\n\t\t\t\t<\/div>\n\t\t\t\t<div class=\"elementor-element elementor-element-ff26753 elementor-widget elementor-widget-text-editor\" data-id=\"ff26753\" data-element_type=\"widget\" data-e-type=\"widget\" data-widget_type=\"text-editor.default\">\n\t\t\t\t<div class=\"elementor-widget-container\">\n\t\t\t\t\t\t\t\t\t<h3>Entfache deine Leidenschaft f\u00fcr Franz\u00f6sisch!<\/h3>\t\t\t\t\t\t\t\t<\/div>\n\t\t\t\t<\/div>\n\t\t\t\t<div class=\"elementor-element elementor-element-126f0f1 elementor-widget elementor-widget-text-editor\" data-id=\"126f0f1\" data-element_type=\"widget\" data-e-type=\"widget\" data-widget_type=\"text-editor.default\">\n\t\t\t\t<div class=\"elementor-widget-container\">\n\t\t\t\t\t\t\t\t\t<p data-sourcepos=\"18:1-18:159\">Franz\u00f6sisch ist mehr als nur eine Sprache \u2013 es ist ein Schl\u00fcssel zu einer Welt voller Kultur, Geschichte und Lebensfreude. Stell dir vor:<\/p><ul data-sourcepos=\"20:1-25:0\"><li data-sourcepos=\"20:1-20:115\">Du bestellst auf Franz\u00f6sisch ein Croissant und einen Caf\u00e9 au lait in einem kleinen Caf\u00e9 in Paris.<\/li><li data-sourcepos=\"21:1-21:98\">Du f\u00fchrst anregende Gespr\u00e4che mit Einheimischen \u00fcber Kunst, Literatur und Philosophie.<\/li><li data-sourcepos=\"22:1-22:85\">Du singst mit Leidenschaft franz\u00f6sische Chansons und verstehst jedes Wort.<\/li><li data-sourcepos=\"23:1-23:101\">Du liest die Werke von Victor Hugo, Albert Camus oder Simone de Beauvoir im Original.<\/li><li data-sourcepos=\"24:1-25:0\">Du entdeckst die Sch\u00f6nheit der franz\u00f6sischen Landschaft und l\u00e4sst dich von ihrer Atmosph\u00e4re verzaubern.<\/li><\/ul><p data-sourcepos=\"26:1-26:106\">Mit Franz\u00f6sischkenntnissen er\u00f6ffnest du dir eine neue Welt voller M\u00f6glichkeiten und Erlebnisse.<\/p>\t\t\t\t\t\t\t\t<\/div>\n\t\t\t\t<\/div>\n\t\t\t\t<div class=\"elementor-element elementor-element-2d3243da elementor-widget elementor-widget-text-editor\" data-id=\"2d3243da\" data-element_type=\"widget\" data-e-type=\"widget\" data-widget_type=\"text-editor.default\">\n\t\t\t\t<div class=\"elementor-widget-container\">\n\t\t\t\t\t\t\t\t\t<h3>Warum Franz\u00f6sisch lernen?<\/h3>\t\t\t\t\t\t\t\t<\/div>\n\t\t\t\t<\/div>\n\t\t\t\t<div class=\"elementor-element elementor-element-4e969d28 elementor-widget elementor-widget-text-editor\" data-id=\"4e969d28\" data-element_type=\"widget\" data-e-type=\"widget\" data-widget_type=\"text-editor.default\">\n\t\t\t\t<div class=\"elementor-widget-container\">\n\t\t\t\t\t\t\t\t\t<ul><li data-sourcepos=\"19:1-19:94\"><p data-sourcepos=\"31:1-31:220\">Franz\u00f6sisch ist nicht nur die Sprache der Liebe und der Kultur, sondern auch eine wichtige Sprache f\u00fcr die internationale Kommunikation. Mit Franz\u00f6sischkenntnissen er\u00f6ffnen sich dir viele T\u00fcren:<\/p><ul data-sourcepos=\"33:1-38:0\"><li data-sourcepos=\"33:1-33:276\"><strong>Reise die Welt:<\/strong> Franz\u00f6sisch wird in vielen L\u00e4ndern gesprochen, von Frankreich und Kanada bis hin zu Senegal und Vietnam. Mit Franz\u00f6sischkenntnissen kannst du die Welt entdecken und dich mit Menschen aus verschiedenen Kulturen austauschen.<\/li><li data-sourcepos=\"34:1-34:248\"><strong>Boost f\u00fcr deine Karriere:<\/strong> Franz\u00f6sisch ist eine wichtige Sprache in vielen Bereichen, wie z.B. im Tourismus, in der Mode oder in der Diplomatie. Mit guten Franz\u00f6sischkenntnissen verbesserst du deine Karrierechancen.<\/li><li data-sourcepos=\"35:1-35:169\"><strong>Kulturelle Erlebnisse:<\/strong> Tauche ein in die franz\u00f6sische Kultur mit ihrer reichen Literatur, ihrem beeindruckenden Kino und ihrer vielf\u00e4ltigen Musik.<\/li><li data-sourcepos=\"36:1-38:0\"><strong>Pers\u00f6nliche Bereicherung:<\/strong> Erweitere deinen Horizont und \u00f6ffne dich einer neuen Sprache und Kultur.<\/li><\/ul><\/li><\/ul>\t\t\t\t\t\t\t\t<\/div>\n\t\t\t\t<\/div>\n\t\t\t\t<div class=\"elementor-element elementor-element-d35651d elementor-widget elementor-widget-image\" data-id=\"d35651d\" data-element_type=\"widget\" data-e-type=\"widget\" data-widget_type=\"image.default\">\n\t\t\t\t<div class=\"elementor-widget-container\">\n\t\t\t\t\t\t\t\t\t\t\t\t\t\t\t<img loading=\"lazy\" loading=\"lazy\" decoding=\"async\" width=\"600\" height=\"600\" src=\"https:\/\/lima-sprachschule.de\/wp-content\/uploads\/2025\/02\/8-2.png\" class=\"attachment-full size-full wp-image-4147\" alt=\"\" srcset=\"https:\/\/lima-sprachschule.de\/wp-content\/uploads\/2025\/02\/8-2.png 600w, https:\/\/lima-sprachschule.de\/wp-content\/uploads\/2025\/02\/8-2-300x300.png 300w, https:\/\/lima-sprachschule.de\/wp-content\/uploads\/2025\/02\/8-2-100x100.png 100w, https:\/\/lima-sprachschule.de\/wp-content\/uploads\/2025\/02\/8-2-400x400.png 400w, https:\/\/lima-sprachschule.de\/wp-content\/uploads\/2025\/02\/8-2-150x150.png 150w, https:\/\/lima-sprachschule.de\/wp-content\/uploads\/2025\/02\/8-2-1x1.png 1w, https:\/\/lima-sprachschule.de\/wp-content\/uploads\/2025\/02\/8-2-10x10.png 10w\" sizes=\"auto, (max-width: 600px) 100vw, 600px\" \/>\t\t\t\t\t\t\t\t\t\t\t\t\t\t\t<\/div>\n\t\t\t\t<\/div>\n\t\t\t\t<div class=\"elementor-element elementor-element-49e2e2f1 elementor-widget elementor-widget-text-editor\" data-id=\"49e2e2f1\" data-element_type=\"widget\" data-e-type=\"widget\" data-widget_type=\"text-editor.default\">\n\t\t\t\t<div class=\"elementor-widget-container\">\n\t\t\t\t\t\t\t\t\t<h3>Lerne interaktiv und effektiv &#8211; mit unseren Top-Ressourcen<\/h3>\t\t\t\t\t\t\t\t<\/div>\n\t\t\t\t<\/div>\n\t\t\t\t<div class=\"elementor-element elementor-element-7b979261 elementor-widget elementor-widget-text-editor\" data-id=\"7b979261\" data-element_type=\"widget\" data-e-type=\"widget\" data-widget_type=\"text-editor.default\">\n\t\t\t\t<div class=\"elementor-widget-container\">\n\t\t\t\t\t\t\t\t\t<ul><li>Live-Unterricht: Interaktiver Online-Unterricht mit erfahrenen Lehrern \u00fcber Microsoft Teams. Kein Microsoft-Konto erforderlich! Wir senden dir einen Link, mit dem du direkt am Unterricht teilnehmen kannst.<\/li><li>Dynamische \u00dcbungen: Vielf\u00e4ltige \u00dcbungen und Spiele zum interaktiven Lernen mit Wordwall und Kahoot.<\/li><li>Exklusives Material: Zus\u00e4tzliches Material zum Arbeitsbuch und Power Point Pr\u00e4sentationen.<\/li><li>E-Learning-Plattform: <a href=\"https:\/\/www.google.com\/search?q=https:\/\/moodle.lima-sprachschule.de&amp;authuser=1\">moodle.lima-sprachschule.de<\/a> mit zus\u00e4tzlichen \u00dcbungen und Tests.<\/li><li>Spotify: Podcasts mit praktischen \u00dcbungen zur Verbesserung der Aussprache.<\/li><li>Privat Chat: Exklusiver Kontakt zu deinem Lehrer, um Fragen zu kl\u00e4ren.<\/li><\/ul><h3>Wir entwickeln uns st\u00e4ndig weiter!<\/h3><p>Dein Lernerfolg ist unsere Motivation! Wir entwickeln stetig neue \u00dcbungen und Materialien, um auf die individuellen Bed\u00fcrfnisse unserer Sch\u00fcler einzugehen. So garantieren wir dir ein abwechslungsreiches und spannendes Lernerlebnis!<\/p>\t\t\t\t\t\t\t\t<\/div>\n\t\t\t\t<\/div>\n\t\t\t\t<div class=\"elementor-element elementor-element-33f69538 elementor-widget elementor-widget-image\" data-id=\"33f69538\" data-element_type=\"widget\" data-e-type=\"widget\" data-widget_type=\"image.default\">\n\t\t\t\t<div class=\"elementor-widget-container\">\n\t\t\t\t\t\t\t\t\t\t\t\t\t\t\t<img loading=\"lazy\" loading=\"lazy\" decoding=\"async\" width=\"800\" height=\"200\" src=\"https:\/\/lima-sprachschule.de\/wp-content\/uploads\/2025\/02\/qualitaet-seit-2018-lima-sprachschule.png\" class=\"attachment-full size-full wp-image-3588\" alt=\"\" srcset=\"https:\/\/lima-sprachschule.de\/wp-content\/uploads\/2025\/02\/qualitaet-seit-2018-lima-sprachschule.png 800w, https:\/\/lima-sprachschule.de\/wp-content\/uploads\/2025\/02\/qualitaet-seit-2018-lima-sprachschule-400x100.png 400w, https:\/\/lima-sprachschule.de\/wp-content\/uploads\/2025\/02\/qualitaet-seit-2018-lima-sprachschule-300x75.png 300w, https:\/\/lima-sprachschule.de\/wp-content\/uploads\/2025\/02\/qualitaet-seit-2018-lima-sprachschule-768x192.png 768w, https:\/\/lima-sprachschule.de\/wp-content\/uploads\/2025\/02\/qualitaet-seit-2018-lima-sprachschule-1x1.png 1w, https:\/\/lima-sprachschule.de\/wp-content\/uploads\/2025\/02\/qualitaet-seit-2018-lima-sprachschule-10x3.png 10w\" sizes=\"auto, (max-width: 800px) 100vw, 800px\" \/>\t\t\t\t\t\t\t\t\t\t\t\t\t\t\t<\/div>\n\t\t\t\t<\/div>\n\t\t\t\t<div class=\"elementor-element elementor-element-3741aa72 elementor-widget elementor-widget-text-editor\" data-id=\"3741aa72\" data-element_type=\"widget\" data-e-type=\"widget\" data-widget_type=\"text-editor.default\">\n\t\t\t\t<div class=\"elementor-widget-container\">\n\t\t\t\t\t\t\t\t\t<p>Unsere erfahrenen Lehrer und unsere innovative Methodik haben seit 2018 in M\u00fcnchen zahlreiche Sch\u00fcler begeistert. \u00dcberzeuge dich selbst von unserer Qualit\u00e4t und starte deine Sprachreise mit der Lima Sprachschule!<\/p>\t\t\t\t\t\t\t\t<\/div>\n\t\t\t\t<\/div>\n\t\t\t\t\t<\/div>\n\t\t<\/div>\n\t\t\t\t<div class=\"elementor-column elementor-col-50 elementor-top-column elementor-element elementor-element-5612bd21\" data-id=\"5612bd21\" data-element_type=\"column\" data-e-type=\"column\">\n\t\t\t<div class=\"elementor-widget-wrap elementor-element-populated\">\n\t\t\t\t\t\t<div class=\"elementor-element elementor-element-6a575a44 elementor-widget elementor-widget-text-editor\" data-id=\"6a575a44\" data-element_type=\"widget\" data-e-type=\"widget\" data-widget_type=\"text-editor.default\">\n\t\t\t\t<div class=\"elementor-widget-container\">\n\t\t\t\t\t\t\t\t\t<h3>\u00a0<\/h3><h3 style=\"text-align: center;\"><strong>Flexibilit\u00e4t bei der Kursdauer:<\/strong><\/h3><p>\u00a0<\/p><h4 style=\"text-align: center;\" data-sourcepos=\"46:3-46:136\"><strong>Probier&#8217;s aus!<\/strong> Starte mit einer <strong>einzelnen Probestunde (45 Minuten) <br \/><\/strong><strong>ab 35\u20ac<\/strong> und entdecke die Vorteile unserer Privatkurse.<\/h4><p style=\"text-align: center;\" data-sourcepos=\"47:3-47:46\">Oder buche ein Stundenpaket und spare dabei:<\/p><p style=\"text-align: center;\" data-sourcepos=\"49:7-49:27\"><strong>1 bis 10 Stunden:<\/strong><\/p><p style=\"text-align: center;\">1-2 Personen: 40\u20ac pro 45 Minuten<\/p><p style=\"text-align: center;\">3-5 Personen: 54\u20ac pro 45 Minuten<\/p><p style=\"text-align: center;\" data-sourcepos=\"53:7-53:28\"><strong>11 bis 30 Stunden:<\/strong><\/p><p style=\"text-align: center;\">1-2 Personen: 38\u20ac pro 45 Minuten<\/p><p style=\"text-align: center;\">3-5 Personen: 52\u20ac pro 45 Minuten<\/p><p style=\"text-align: center;\" data-sourcepos=\"57:7-57:24\"><strong>Ab 31 Stunden:<\/strong><\/p><p style=\"text-align: center;\">1-2 Personen: 36\u20ac pro 45 Minuten<\/p><p style=\"text-align: center;\">3-5 Personen: 50\u20ac pro 45 Minuten<\/p>\t\t\t\t\t\t\t\t<\/div>\n\t\t\t\t<\/div>\n\t\t\t\t<div class=\"elementor-element elementor-element-2b99dac1 elementor-widget elementor-widget-text-editor\" data-id=\"2b99dac1\" data-element_type=\"widget\" data-e-type=\"widget\" data-widget_type=\"text-editor.default\">\n\t\t\t\t<div class=\"elementor-widget-container\">\n\t\t\t\t\t\t\t\t\t<h3>Gestalte deinen Sprachunterricht nach deinen Bed\u00fcrfnissen:<br \/><br \/><\/h3><ul><li data-sourcepos=\"41:1-41:145\"><strong>Du bestimmst das Tempo:<\/strong> Ob du schnell vorankommen oder lieber Schritt f\u00fcr Schritt lernen m\u00f6chtest, du bestimmst das Tempo.<\/li><li data-sourcepos=\"42:1-42:204\"><strong>Du w\u00e4hlst die Inhalte:<\/strong> Konzentriere dich auf die Themen, die dich wirklich interessieren \u2013 ob Grammatik, Konversation, Business-Franz\u00f6sisch, Pr\u00fcfungsvorbereitung oder Landeskunde.<\/li><li data-sourcepos=\"43:1-43:109\"><strong>Du legst die Zeiten fest:<\/strong> Lerne wann immer es dir passt, ob morgens, mittags oder abends.<\/li><li data-sourcepos=\"44:1-46:0\"><strong>Du entscheidest, wo du lernen m\u00f6chtest:<\/strong> Ob zu Hause, im B\u00fcro oder an einem anderen Ort mit Internetzugang \u2013 du bist flexibel.<\/li><\/ul><h3 data-sourcepos=\"47:1-47:25\"><strong>Warum ein Privatkurs?<\/strong><\/h3><ul data-sourcepos=\"49:1-54:0\"><li data-sourcepos=\"49:1-49:104\"><strong>Individuelle Betreuung:<\/strong> Dein Lehrer konzentriert sich ganz auf dich und deine Lernziele.<\/li><li data-sourcepos=\"50:1-50:128\"><strong>Ma\u00dfgeschneiderte Inhalte:<\/strong> Der Unterricht wird individuell auf deine Bed\u00fcrfnisse und Vorkenntnisse zugeschnitten.<\/li><li data-sourcepos=\"51:1-51:136\"><strong>Schneller Fortschritt:<\/strong> Durch die intensive Einzelbetreuung machst du schnellere Fortschritte als in einem Gruppenkurs.<\/li><li data-sourcepos=\"52:1-54:0\"><strong>Flexibilit\u00e4t und Komfort:<\/strong> Lerne online, wann und wo es dir passt.<\/li><\/ul><h3 data-sourcepos=\"55:1-55:45\"><strong>Deine Vorteile mit der Lima Sprachschule:<\/strong><\/h3><ul data-sourcepos=\"57:1-62:0\"><li data-sourcepos=\"57:1-57:106\"><strong>Erfahrene Lehrer:<\/strong> Lerne mit Leidenschaft und Engagement von unseren qualifizierten Lehrern!<\/li><li data-sourcepos=\"58:1-58:115\"><strong>Dynamische und innovative Methodik:<\/strong> Wir setzen auf abwechslungsreiche und motivierende Lernmethoden.<\/li><li data-sourcepos=\"59:1-59:125\"><strong>Zus\u00e4tzliche Lernressourcen:<\/strong> Profitiere von unserer Moodle-Plattform, unseren Podcasts und anderen Materialien.<\/li><li data-sourcepos=\"60:1-62:0\"><strong>Pers\u00f6nliche Beratung:<\/strong> Wir beraten dich gerne und helfen dir, den passenden Privatkurs zu finden.<\/li><\/ul>\t\t\t\t\t\t\t\t<\/div>\n\t\t\t\t<\/div>\n\t\t\t\t<div class=\"elementor-element elementor-element-2e265d0b elementor-widget elementor-widget-video\" data-id=\"2e265d0b\" data-element_type=\"widget\" data-e-type=\"widget\" data-settings=\"{&quot;youtube_url&quot;:&quot;https:\\\/\\\/youtu.be\\\/kj_7vQ315eo&quot;,&quot;video_type&quot;:&quot;youtube&quot;,&quot;controls&quot;:&quot;yes&quot;}\" data-widget_type=\"video.default\">\n\t\t\t\t<div class=\"elementor-widget-container\">\n\t\t\t\t\t\t\t<div class=\"elementor-wrapper elementor-open-inline\">\n\t\t\t<div class=\"elementor-video\"> <div class=\"brlbs-cmpnt-container brlbs-cmpnt-content-blocker brlbs-cmpnt-with-individual-styles\" data-borlabs-cookie-content-blocker-id=\"youtube-content-blocker\" data-borlabs-cookie-content=\"PHNjcmlwdD4KKGZ1bmN0aW9uKCkgewogICAgbGV0IGQgPSBudWxsOwoKICAgIC8vIGlmIHdlIGFyZSBpbiBhIGxvb3AsIHdlIG5lZWQgdG8gc2VsZWN0IHRoZSBjb3JyZWN0IHZpZGVvIGVsZW1lbnQsIHNpbmNlIFdpZGdldCBJRCBvY2N1cnMgbXVsdGlwbGUgdGltZXMgb24gcGFnZQogICAgY29uc3QgZWxlbXNJbkxvb3AgPSBkb2N1bWVudC5xdWVyeVNlbGVjdG9yQWxsKCc6aXMoZGl2W2RhdGEtZWxlbWVudG9yLXR5cGU9Imxvb3AtaXRlbSJdLGRpdltkYXRhLWVsZW1lbnRvci10eXBlPSJqZXQtbGlzdGluZy1pdGVtcyJdKSBkaXYuZWxlbWVudG9yLWVsZW1lbnQtMmUyNjVkMGInKTsKICAgIGlmIChlbGVtc0luTG9vcC5sZW5ndGggPT09IDEpIHsKICAgICAgICBkID0gZWxlbXNJbkxvb3BbMF07CiAgICB9IGVsc2UgaWYgKGVsZW1zSW5Mb29wLmxlbmd0aCA+IDEpIHsKICAgICAgICBpZiAodHlwZW9mIGRvY3VtZW50LmN1cnJlbnRTY3JpcHQgPT09ICd1bmRlZmluZWQnIHx8IGRvY3VtZW50LmN1cnJlbnRTY3JpcHQgPT0gbnVsbCkgewogICAgICAgICAgICByZXR1cm47CiAgICAgICAgfQogICAgICAgIGNvbnN0IHRtcFZpZGVvV2lkZ2V0ID0gZG9jdW1lbnQuY3VycmVudFNjcmlwdC5jbG9zZXN0KCdbZGF0YS13aWRnZXRfdHlwZT0iYnJsYnNfdmlkZW8uZGVmYXVsdCJdJyk7CiAgICAgICAgaWYgKHRtcFZpZGVvV2lkZ2V0KSB7CiAgICAgICAgICAgIGQgPSB0bXBWaWRlb1dpZGdldDsKICAgICAgICB9CiAgICB9CgogICAgaWYgKGQgPT0gbnVsbCkgewogICAgICAgIGQgPSBkb2N1bWVudC5xdWVyeVNlbGVjdG9yKCdkaXYuZWxlbWVudG9yLWVsZW1lbnQtMmUyNjVkMGInKTsKICAgIH0KCiAgICBpZiAoZCA9PSBudWxsKSB7CiAgICAgICAgcmV0dXJuOwogICAgfQogICAgZC5kYXRhc2V0LndpZGdldF90eXBlID0gZC5kYXRhc2V0LndpZGdldF90eXBlLnJlcGxhY2UoJ2JybGJzXycsICcnKTsKICAgIGQuZGF0YXNldC5icmxic1VuYmxvY2tlZCA9ICd0cnVlJzsKCiAgICBjb25zdCBpbnRlcnZhbCA9IHNldEludGVydmFsKCgpID0+IHsKICAgICAgICBpZiAodHlwZW9mIGVsZW1lbnRvckZyb250ZW5kICE9PSAndW5kZWZpbmVkJyAmJiB0eXBlb2YgZWxlbWVudG9yRnJvbnRlbmQuaG9va3MgIT09ICd1bmRlZmluZWQnKSB7CiAgICAgICAgICAgIGNsZWFySW50ZXJ2YWwoaW50ZXJ2YWwpOwogICAgICAgICAgICBlbGVtZW50b3JGcm9udGVuZC5ob29rcy5kb0FjdGlvbignZnJvbnRlbmQvZWxlbWVudF9yZWFkeS92aWRlby5kZWZhdWx0JywgalF1ZXJ5KGQpLCBqUXVlcnkpCiAgICAgICAgfQogICAgfSwgMzApCn0pKCk7Cjwvc2NyaXB0Pg==\"><div class=\"brlbs-cmpnt-cb-preset-c brlbs-cmpnt-cb-youtube\"> <div class=\"brlbs-cmpnt-cb-thumbnail\" style=\"background-image: url('https:\/\/lima-sprachschule.de\/wp-content\/uploads\/borlabs-cookie\/1\/yt_kj_7vQ315eo_hqdefault.jpg')\"><\/div> <div class=\"brlbs-cmpnt-cb-main\"> <div class=\"brlbs-cmpnt-cb-play-button\"><\/div> <div class=\"brlbs-cmpnt-cb-content\"> <p class=\"brlbs-cmpnt-cb-description\">Sie sehen gerade einen Platzhalterinhalt von <strong>YouTube<\/strong>. Um auf den eigentlichen Inhalt zuzugreifen, klicken Sie auf die Schaltfl\u00e4che unten. Bitte beachten Sie, dass dabei Daten an Drittanbieter weitergegeben werden.<\/p> <a class=\"brlbs-cmpnt-cb-provider-toggle\" href=\"#\" data-borlabs-cookie-show-provider-information role=\"button\">Mehr Informationen<\/a> <\/div> <div class=\"brlbs-cmpnt-cb-buttons\"> <a class=\"brlbs-cmpnt-cb-btn\" href=\"#\" data-borlabs-cookie-unblock role=\"button\">Inhalt entsperren<\/a> <a class=\"brlbs-cmpnt-cb-btn\" href=\"#\" data-borlabs-cookie-accept-service role=\"button\" style=\"display: inherit\">Erforderlichen Service akzeptieren und Inhalte entsperren<\/a> <\/div> <\/div> <\/div><\/div><\/div>\t\t<\/div>\n\t\t\t\t\t\t<\/div>\n\t\t\t\t<\/div>\n\t\t\t\t<div class=\"elementor-element elementor-element-18e4ef2a elementor-widget elementor-widget-text-editor\" data-id=\"18e4ef2a\" data-element_type=\"widget\" data-e-type=\"widget\" data-widget_type=\"text-editor.default\">\n\t\t\t\t<div class=\"elementor-widget-container\">\n\t\t\t\t\t\t\t\t\t<h3 data-sourcepos=\"64:1-64:53\"><strong>Kann man mit dem Privatkurs ein Niveau erreichen?<\/strong><\/h3><p data-sourcepos=\"66:1-66:260\">Ja, nat\u00fcrlich! Wenn das dein Ziel ist! Wir arbeiten mit Material, das auf dem Gemeinsamen Europ\u00e4ischen Referenzrahmen f\u00fcr Sprachen (GER) basiert. So kannst du in deinem Rhythmus jedes Niveau erreichen, das du dir vornimmst, und unser Sprachzertifikat erhalten.<\/p><h3 data-sourcepos=\"69:1-69:36\"><strong>Wie funktioniert ein Privatkurs?<\/strong><\/h3><p data-sourcepos=\"71:1-71:368\">Mit unserer Erfahrung und dank unserer Methodik bereiten wir immer das beste Material vor, damit du deine Ziele erreichst. Wir m\u00fcssen nur dein Niveau kennen und am besten auch deine Ziele, zum Beispiel, ob du die Sprache f\u00fcr den Urlaub, den Beruf oder eine Pr\u00fcfung lernen m\u00f6chtest. So w\u00e4hlen wir das perfekte Material und k\u00f6nnen dich gezielt und individuell f\u00f6rdern.<\/p><h3 data-sourcepos=\"74:1-74:75\"><strong>Ist es m\u00f6glich, den Kurs mit meinem Partner oder meinem Kind zu machen?<\/strong><\/h3><p data-sourcepos=\"76:1-76:294\">Ja, es ist m\u00f6glich, einen Privatkurs mit mehreren Personen zu machen, wenn ihr alle dasselbe Niveau habt. Wir erstellen gerne ein Spezialangebot f\u00fcr zwei bis f\u00fcnf Personen pro Unterrichtsstunde. Teile uns einfach die Anzahl der Personen mit, und wir organisieren den besten Unterricht f\u00fcr euch.<\/p><h3 data-sourcepos=\"79:1-79:27\"><strong>Worauf wartest du noch?<\/strong><\/h3><p data-sourcepos=\"81:1-81:126\">Melde dich jetzt zu deinem pers\u00f6nlichen Englisch Privatkurs Online an und erreiche deine Sprachziele mit der Lima Sprachschule!<\/p>\t\t\t\t\t\t\t\t<\/div>\n\t\t\t\t<\/div>\n\t\t\t\t<div class=\"elementor-element elementor-element-4f28ec6 elementor-widget elementor-widget-image\" data-id=\"4f28ec6\" data-element_type=\"widget\" data-e-type=\"widget\" data-widget_type=\"image.default\">\n\t\t\t\t<div class=\"elementor-widget-container\">\n\t\t\t\t\t\t\t\t\t\t\t\t\t\t\t\t<a href=\"https:\/\/lima-sprachschule.de\/kostenloser-einstufungstest-online\/\" target=\"_blank\">\n\t\t\t\t\t\t\t<img loading=\"lazy\" loading=\"lazy\" decoding=\"async\" width=\"800\" height=\"200\" src=\"https:\/\/lima-sprachschule.de\/wp-content\/uploads\/2025\/02\/7-1.png\" class=\"attachment-large size-large wp-image-3659\" alt=\"\" srcset=\"https:\/\/lima-sprachschule.de\/wp-content\/uploads\/2025\/02\/7-1.png 800w, https:\/\/lima-sprachschule.de\/wp-content\/uploads\/2025\/02\/7-1-400x100.png 400w, https:\/\/lima-sprachschule.de\/wp-content\/uploads\/2025\/02\/7-1-300x75.png 300w, https:\/\/lima-sprachschule.de\/wp-content\/uploads\/2025\/02\/7-1-768x192.png 768w, https:\/\/lima-sprachschule.de\/wp-content\/uploads\/2025\/02\/7-1-1x1.png 1w, https:\/\/lima-sprachschule.de\/wp-content\/uploads\/2025\/02\/7-1-10x3.png 10w\" sizes=\"auto, (max-width: 800px) 100vw, 800px\" \/>\t\t\t\t\t\t\t\t<\/a>\n\t\t\t\t\t\t\t\t\t\t\t\t\t\t\t<\/div>\n\t\t\t\t<\/div>\n\t\t\t\t<div class=\"elementor-element elementor-element-53f4b7cb elementor-widget elementor-widget-text-editor\" data-id=\"53f4b7cb\" data-element_type=\"widget\" data-e-type=\"widget\" data-widget_type=\"text-editor.default\">\n\t\t\t\t<div class=\"elementor-widget-container\">\n\t\t\t\t\t\t\t\t\t<h3 data-sourcepos=\"73:1-73:15\"><strong>Lehrb\u00fccher:<\/strong><\/h3><ul data-sourcepos=\"75:1-77:0\"><li data-sourcepos=\"75:1-77:0\"><strong>Ben\u00f6tigst du ein Lehrbuch?<\/strong> Das h\u00e4ngt von deinen individuellen Zielen ab. Dein Lehrer wird dich beraten und dir bei Bedarf geeignetes Material empfehlen, um deine Ziele optimal zu erreichen.<\/li><\/ul><h3 data-sourcepos=\"78:1-78:33\"><strong>Unterrichtszeiten und -dauer:<\/strong><\/h3><ul data-sourcepos=\"80:1-85:0\"><li data-sourcepos=\"80:1-80:53\"><strong>Unterrichtsstage:<\/strong> Nach Absprache mit dem Lehrer<\/li><li data-sourcepos=\"81:1-81:100\"><strong>Kursbeginn:<\/strong> Jederzeit m\u00f6glich (Wir ben\u00f6tigen maximal 3 Werktage, um den Kurs zu koordinieren.)<\/li><li data-sourcepos=\"82:1-82:79\"><strong>Kursdauer:<\/strong> Du entscheidest! (Du kannst jederzeit weitere Stunden buchen!)<\/li><li data-sourcepos=\"83:1-85:0\"><strong>Startzeit:<\/strong> Du w\u00e4hlst!<br \/><br \/><h3><strong>Hast du Franz\u00f6sisch in der Schule gelernt und m\u00f6chtest deine Kenntnisse auffrischen?<\/strong><\/h3><\/li><li data-sourcepos=\"83:1-85:0\"><p data-sourcepos=\"88:1-88:445\">Kein Problem! Unser Privatkurs ist auch ideal, um alte Kenntnisse wieder aufzufrischen und die Freude am Franz\u00f6sischen neu zu entdecken. Dein Lehrer wird den Unterricht individuell auf deine Bed\u00fcrfnisse abstimmen und dir helfen, deine Ziele zu erreichen \u2013 ob du nun deine Konversationsf\u00e4higkeiten verbessern, deine Grammatikkenntnisse vertiefen oder dich auf eine Pr\u00fcfung vorbereiten m\u00f6chtest.<\/p><\/li><\/ul>\t\t\t\t\t\t\t\t<\/div>\n\t\t\t\t<\/div>\n\t\t\t\t<div class=\"elementor-element elementor-element-3231aa8 elementor-widget elementor-widget-text-editor\" data-id=\"3231aa8\" data-element_type=\"widget\" data-e-type=\"widget\" data-widget_type=\"text-editor.default\">\n\t\t\t\t<div class=\"elementor-widget-container\">\n\t\t\t\t\t\t\t\t\t<h3>Kurzfristige Kursbuchung? Kein Problem!<\/h3><p data-sourcepos=\"66:1-66:33\"><strong>Unterrichtszeiten und -dauer:<\/strong><\/p><ul data-sourcepos=\"68:1-73:0\"><li data-sourcepos=\"68:1-68:53\"><strong>Unterrichtsstage:<\/strong> Nach Absprache mit dem Lehrer<\/li><li data-sourcepos=\"69:1-69:109\"><strong>Kursbeginn:<\/strong> Jederzeit m\u00f6glich (Wir ben\u00f6tigen maximal 3 Werktage, um den Kurs zu koordinieren.)<\/li><li data-sourcepos=\"70:1-70:79\"><strong>Kursdauer:<\/strong> Du entscheidest! (Du kannst jederzeit weitere Stunden buchen!)<\/li><li data-sourcepos=\"71:1-73:0\"><strong>Startzeit:<\/strong> Du w\u00e4hlst!<\/li><\/ul>\t\t\t\t\t\t\t\t<\/div>\n\t\t\t\t<\/div>\n\t\t\t\t\t<\/div>\n\t\t<\/div>\n\t\t\t\t\t<\/div>\n\t\t<\/section>\n\t\t<div class=\"elementor-element elementor-element-4f6ee19a e-con-full e-flex e-con e-parent\" data-id=\"4f6ee19a\" data-element_type=\"container\" data-e-type=\"container\">\n\t\t\t\t<div class=\"elementor-element elementor-element-377a5dbe elementor-widget elementor-widget-heading\" data-id=\"377a5dbe\" data-element_type=\"widget\" data-e-type=\"widget\" data-widget_type=\"heading.default\">\n\t\t\t\t<div class=\"elementor-widget-container\">\n\t\t\t\t\t<h2 class=\"elementor-heading-title elementor-size-default\">Worauf  wartest  du  noch?<\/h2>\t\t\t\t<\/div>\n\t\t\t\t<\/div>\n\t\t\t\t<div class=\"elementor-element elementor-element-7081891e elementor-widget elementor-widget-text-editor\" data-id=\"7081891e\" data-element_type=\"widget\" data-e-type=\"widget\" data-widget_type=\"text-editor.default\">\n\t\t\t\t<div class=\"elementor-widget-container\">\n\t\t\t\t\t\t\t\t\t<p>Melde dich jetzt zu deinem pers\u00f6nlichen Franz\u00f6sisch Privatkurs Online an und tauche ein in die faszinierende Welt der franz\u00f6sischen Sprache!<\/p>\t\t\t\t\t\t\t\t<\/div>\n\t\t\t\t<\/div>\n\t\t\t\t<\/div>\n\t\t<div class=\"elementor-element elementor-element-634d98ba e-con-full e-flex e-con e-parent\" data-id=\"634d98ba\" data-element_type=\"container\" data-e-type=\"container\">\n\t\t\t\t<div class=\"elementor-element elementor-element-15ce8ee6 elementor-widget elementor-widget-video\" data-id=\"15ce8ee6\" data-element_type=\"widget\" data-e-type=\"widget\" data-settings=\"{&quot;youtube_url&quot;:&quot;https:\\\/\\\/youtu.be\\\/jryimhkAzuk?si=fzVekb1thbTR8vzc&quot;,&quot;video_type&quot;:&quot;youtube&quot;,&quot;controls&quot;:&quot;yes&quot;}\" data-widget_type=\"video.default\">\n\t\t\t\t<div class=\"elementor-widget-container\">\n\t\t\t\t\t\t\t<div class=\"elementor-wrapper elementor-open-inline\">\n\t\t\t<div class=\"elementor-video\"> <div class=\"brlbs-cmpnt-container brlbs-cmpnt-content-blocker brlbs-cmpnt-with-individual-styles\" data-borlabs-cookie-content-blocker-id=\"youtube-content-blocker\" data-borlabs-cookie-content=\"PHNjcmlwdD4KKGZ1bmN0aW9uKCkgewogICAgbGV0IGQgPSBudWxsOwoKICAgIC8vIGlmIHdlIGFyZSBpbiBhIGxvb3AsIHdlIG5lZWQgdG8gc2VsZWN0IHRoZSBjb3JyZWN0IHZpZGVvIGVsZW1lbnQsIHNpbmNlIFdpZGdldCBJRCBvY2N1cnMgbXVsdGlwbGUgdGltZXMgb24gcGFnZQogICAgY29uc3QgZWxlbXNJbkxvb3AgPSBkb2N1bWVudC5xdWVyeVNlbGVjdG9yQWxsKCc6aXMoZGl2W2RhdGEtZWxlbWVudG9yLXR5cGU9Imxvb3AtaXRlbSJdLGRpdltkYXRhLWVsZW1lbnRvci10eXBlPSJqZXQtbGlzdGluZy1pdGVtcyJdKSBkaXYuZWxlbWVudG9yLWVsZW1lbnQtMTVjZThlZTYnKTsKICAgIGlmIChlbGVtc0luTG9vcC5sZW5ndGggPT09IDEpIHsKICAgICAgICBkID0gZWxlbXNJbkxvb3BbMF07CiAgICB9IGVsc2UgaWYgKGVsZW1zSW5Mb29wLmxlbmd0aCA+IDEpIHsKICAgICAgICBpZiAodHlwZW9mIGRvY3VtZW50LmN1cnJlbnRTY3JpcHQgPT09ICd1bmRlZmluZWQnIHx8IGRvY3VtZW50LmN1cnJlbnRTY3JpcHQgPT0gbnVsbCkgewogICAgICAgICAgICByZXR1cm47CiAgICAgICAgfQogICAgICAgIGNvbnN0IHRtcFZpZGVvV2lkZ2V0ID0gZG9jdW1lbnQuY3VycmVudFNjcmlwdC5jbG9zZXN0KCdbZGF0YS13aWRnZXRfdHlwZT0iYnJsYnNfdmlkZW8uZGVmYXVsdCJdJyk7CiAgICAgICAgaWYgKHRtcFZpZGVvV2lkZ2V0KSB7CiAgICAgICAgICAgIGQgPSB0bXBWaWRlb1dpZGdldDsKICAgICAgICB9CiAgICB9CgogICAgaWYgKGQgPT0gbnVsbCkgewogICAgICAgIGQgPSBkb2N1bWVudC5xdWVyeVNlbGVjdG9yKCdkaXYuZWxlbWVudG9yLWVsZW1lbnQtMTVjZThlZTYnKTsKICAgIH0KCiAgICBpZiAoZCA9PSBudWxsKSB7CiAgICAgICAgcmV0dXJuOwogICAgfQogICAgZC5kYXRhc2V0LndpZGdldF90eXBlID0gZC5kYXRhc2V0LndpZGdldF90eXBlLnJlcGxhY2UoJ2JybGJzXycsICcnKTsKICAgIGQuZGF0YXNldC5icmxic1VuYmxvY2tlZCA9ICd0cnVlJzsKCiAgICBjb25zdCBpbnRlcnZhbCA9IHNldEludGVydmFsKCgpID0+IHsKICAgICAgICBpZiAodHlwZW9mIGVsZW1lbnRvckZyb250ZW5kICE9PSAndW5kZWZpbmVkJyAmJiB0eXBlb2YgZWxlbWVudG9yRnJvbnRlbmQuaG9va3MgIT09ICd1bmRlZmluZWQnKSB7CiAgICAgICAgICAgIGNsZWFySW50ZXJ2YWwoaW50ZXJ2YWwpOwogICAgICAgICAgICBlbGVtZW50b3JGcm9udGVuZC5ob29rcy5kb0FjdGlvbignZnJvbnRlbmQvZWxlbWVudF9yZWFkeS92aWRlby5kZWZhdWx0JywgalF1ZXJ5KGQpLCBqUXVlcnkpCiAgICAgICAgfQogICAgfSwgMzApCn0pKCk7Cjwvc2NyaXB0Pg==\"><div class=\"brlbs-cmpnt-cb-preset-c brlbs-cmpnt-cb-youtube\"> <div class=\"brlbs-cmpnt-cb-thumbnail\" style=\"background-image: url('https:\/\/lima-sprachschule.de\/wp-content\/uploads\/borlabs-cookie\/1\/yt_jryimhkAzuk_hqdefault.jpg')\"><\/div> <div class=\"brlbs-cmpnt-cb-main\"> <div class=\"brlbs-cmpnt-cb-play-button\"><\/div> <div class=\"brlbs-cmpnt-cb-content\"> <p class=\"brlbs-cmpnt-cb-description\">Sie sehen gerade einen Platzhalterinhalt von <strong>YouTube<\/strong>. Um auf den eigentlichen Inhalt zuzugreifen, klicken Sie auf die Schaltfl\u00e4che unten. Bitte beachten Sie, dass dabei Daten an Drittanbieter weitergegeben werden.<\/p> <a class=\"brlbs-cmpnt-cb-provider-toggle\" href=\"#\" data-borlabs-cookie-show-provider-information role=\"button\">Mehr Informationen<\/a> <\/div> <div class=\"brlbs-cmpnt-cb-buttons\"> <a class=\"brlbs-cmpnt-cb-btn\" href=\"#\" data-borlabs-cookie-unblock role=\"button\">Inhalt entsperren<\/a> <a class=\"brlbs-cmpnt-cb-btn\" href=\"#\" data-borlabs-cookie-accept-service role=\"button\" style=\"display: inherit\">Erforderlichen Service akzeptieren und Inhalte entsperren<\/a> <\/div> <\/div> <\/div><\/div><\/div>\t\t<\/div>\n\t\t\t\t\t\t<\/div>\n\t\t\t\t<\/div>\n\t\t\t\t<\/div>\n\t\t\t\t<\/div>\n\t\t","protected":false},"excerpt":{"rendered":"<p>Nutze die \u2295\/\u2296 Tasten, um die Anzahl der 45-Minuten-Sitzungen zu w\u00e4hlen. Der Gesamtpreis wird in deiner Bestell\u00fcbersicht angezeigt.<\/p>\n","protected":false},"featured_media":4199,"comment_status":"open","ping_status":"closed","template":"","meta":[],"etheme_brands":[],"product_brand":[],"product_cat":[444,445,446,447,457,254,448,449,450,451,452,453,278,110,465,456,443,478,442,455,454],"product_tag":[],"class_list":{"0":"post-4187","1":"product","2":"type-product","3":"status-publish","4":"has-post-thumbnail","6":"product_cat-a1-1","7":"product_cat-a1-2","8":"product_cat-a2-1","9":"product_cat-a2-2","10":"product_cat-abend","11":"product_cat-altersgruppe-deutsch","12":"product_cat-b1-1","13":"product_cat-b1-2","14":"product_cat-b2-1","15":"product_cat-b2-2","16":"product_cat-c1-1","17":"product_cat-c1-2","18":"product_cat-erwachsene-18-jahre-altersgruppe-deutsch","19":"product_cat-franzoesisch","20":"product_cat-kursart","21":"product_cat-nachmittag","22":"product_cat-niveau","23":"product_cat-privatkurs","24":"product_cat-sprachen","25":"product_cat-vormittag","26":"product_cat-zeitplan","28":"first","29":"instock","30":"shipping-taxable","31":"purchasable","32":"product-type-variable"},"yoast_head":"<!-- This site is optimized with the Yoast SEO plugin v27.2 - https:\/\/yoast.com\/product\/yoast-seo-wordpress\/ -->\n<title>Franz\u00f6sisch Privatkurs - Lima Sprachschule<\/title>\n<meta name=\"description\" content=\"\ud83c\udfaf Sprich Franz\u00f6sisch mit Selbstvertrauen! Unser Online-Privatkurs bietet dir die Flexibilit\u00e4t und individuelle Betreuung, die du brauchst. Erfahrene Lehrer &amp; ma\u00dfgeschneiderte Inhalte. Jetzt Probestunde vereinbaren!\" \/>\n<meta name=\"robots\" content=\"index, follow, max-snippet:-1, max-image-preview:large, max-video-preview:-1\" \/>\n<link rel=\"canonical\" href=\"https:\/\/lima-sprachschule.de\/it\/kurs\/franzoesisch-privatkurs-online\/\" \/>\n<meta property=\"og:locale\" content=\"it_IT\" \/>\n<meta property=\"og:type\" content=\"article\" \/>\n<meta property=\"og:title\" content=\"Franz\u00f6sisch Privatkurs\" \/>\n<meta property=\"og:description\" content=\"\ud83c\udfaf Sprich Franz\u00f6sisch mit Selbstvertrauen! Unser Online-Privatkurs bietet dir die Flexibilit\u00e4t und individuelle Betreuung, die du brauchst. Erfahrene Lehrer &amp; ma\u00dfgeschneiderte Inhalte. Jetzt Probestunde vereinbaren!\" \/>\n<meta property=\"og:url\" content=\"https:\/\/lima-sprachschule.de\/it\/kurs\/franzoesisch-privatkurs-online\/\" \/>\n<meta property=\"og:site_name\" content=\"Lima Sprachschule\" \/>\n<meta property=\"article:publisher\" content=\"https:\/\/www.facebook.com\/LimaSprachschuleinMuenchen\" \/>\n<meta property=\"article:modified_time\" content=\"2025-02-28T08:30:39+00:00\" \/>\n<meta property=\"og:image\" content=\"https:\/\/lima-sprachschule.de\/wp-content\/uploads\/2025\/02\/Franzoesisch-Privatkurs-bei-der-lima-sprachshule.png\" \/>\n\t<meta property=\"og:image:width\" content=\"600\" \/>\n\t<meta property=\"og:image:height\" content=\"600\" \/>\n\t<meta property=\"og:image:type\" content=\"image\/png\" \/>\n<meta name=\"twitter:card\" content=\"summary_large_image\" \/>\n<meta name=\"twitter:site\" content=\"@LimaSprachen\" \/>\n<meta name=\"twitter:label1\" content=\"Tempo di lettura stimato\" \/>\n\t<meta name=\"twitter:data1\" content=\"7 minuti\" \/>\n<script type=\"application\/ld+json\" class=\"yoast-schema-graph\">{\"@context\":\"https:\/\/schema.org\",\"@graph\":[{\"@type\":\"WebPage\",\"@id\":\"https:\/\/lima-sprachschule.de\/it\/kurs\/franzoesisch-privatkurs-online\/\",\"url\":\"https:\/\/lima-sprachschule.de\/it\/kurs\/franzoesisch-privatkurs-online\/\",\"name\":\"Franz\u00f6sisch Privatkurs - Lima Sprachschule\",\"isPartOf\":{\"@id\":\"https:\/\/lima-sprachschule.de\/it\/#website\"},\"primaryImageOfPage\":{\"@id\":\"https:\/\/lima-sprachschule.de\/it\/kurs\/franzoesisch-privatkurs-online\/#primaryimage\"},\"image\":{\"@id\":\"https:\/\/lima-sprachschule.de\/it\/kurs\/franzoesisch-privatkurs-online\/#primaryimage\"},\"thumbnailUrl\":\"https:\/\/lima-sprachschule.de\/wp-content\/uploads\/2025\/02\/Franzoesisch-Privatkurs-bei-der-lima-sprachshule.png\",\"datePublished\":\"2025-02-27T21:01:46+00:00\",\"dateModified\":\"2025-02-28T08:30:39+00:00\",\"description\":\"\ud83c\udfaf Sprich Franz\u00f6sisch mit Selbstvertrauen! Unser Online-Privatkurs bietet dir die Flexibilit\u00e4t und individuelle Betreuung, die du brauchst. Erfahrene Lehrer & ma\u00dfgeschneiderte Inhalte. Jetzt Probestunde vereinbaren!\",\"breadcrumb\":{\"@id\":\"https:\/\/lima-sprachschule.de\/it\/kurs\/franzoesisch-privatkurs-online\/#breadcrumb\"},\"inLanguage\":\"it-IT\",\"potentialAction\":[{\"@type\":\"ReadAction\",\"target\":[\"https:\/\/lima-sprachschule.de\/it\/kurs\/franzoesisch-privatkurs-online\/\"]}]},{\"@type\":\"ImageObject\",\"inLanguage\":\"it-IT\",\"@id\":\"https:\/\/lima-sprachschule.de\/it\/kurs\/franzoesisch-privatkurs-online\/#primaryimage\",\"url\":\"https:\/\/lima-sprachschule.de\/wp-content\/uploads\/2025\/02\/Franzoesisch-Privatkurs-bei-der-lima-sprachshule.png\",\"contentUrl\":\"https:\/\/lima-sprachschule.de\/wp-content\/uploads\/2025\/02\/Franzoesisch-Privatkurs-bei-der-lima-sprachshule.png\",\"width\":600,\"height\":600},{\"@type\":\"BreadcrumbList\",\"@id\":\"https:\/\/lima-sprachschule.de\/it\/kurs\/franzoesisch-privatkurs-online\/#breadcrumb\",\"itemListElement\":[{\"@type\":\"ListItem\",\"position\":1,\"name\":\"Startseite\",\"item\":\"https:\/\/lima-sprachschule.de\/it\/\"},{\"@type\":\"ListItem\",\"position\":2,\"name\":\"Shop\",\"item\":\"https:\/\/lima-sprachschule.de\/shop\/\"},{\"@type\":\"ListItem\",\"position\":3,\"name\":\"Franz\u00f6sisch Privatkurs\"}]},{\"@type\":\"WebSite\",\"@id\":\"https:\/\/lima-sprachschule.de\/it\/#website\",\"url\":\"https:\/\/lima-sprachschule.de\/it\/\",\"name\":\"Lima Sprachschule\",\"description\":\"Sprachen lernen kann einfach sein!\",\"publisher\":{\"@id\":\"https:\/\/lima-sprachschule.de\/it\/#organization\"},\"potentialAction\":[{\"@type\":\"SearchAction\",\"target\":{\"@type\":\"EntryPoint\",\"urlTemplate\":\"https:\/\/lima-sprachschule.de\/it\/?s={search_term_string}\"},\"query-input\":{\"@type\":\"PropertyValueSpecification\",\"valueRequired\":true,\"valueName\":\"search_term_string\"}}],\"inLanguage\":\"it-IT\"},{\"@type\":\"Organization\",\"@id\":\"https:\/\/lima-sprachschule.de\/it\/#organization\",\"name\":\"Lima Sprachschule\",\"alternateName\":\"LS\",\"url\":\"https:\/\/lima-sprachschule.de\/it\/\",\"logo\":{\"@type\":\"ImageObject\",\"inLanguage\":\"it-IT\",\"@id\":\"https:\/\/lima-sprachschule.de\/it\/#\/schema\/logo\/image\/\",\"url\":\"https:\/\/lima-sprachschule.de\/wp-content\/uploads\/2025\/02\/logo-color-300px.png\",\"contentUrl\":\"https:\/\/lima-sprachschule.de\/wp-content\/uploads\/2025\/02\/logo-color-300px.png\",\"width\":300,\"height\":234,\"caption\":\"Lima Sprachschule\"},\"image\":{\"@id\":\"https:\/\/lima-sprachschule.de\/it\/#\/schema\/logo\/image\/\"},\"sameAs\":[\"https:\/\/www.facebook.com\/LimaSprachschuleinMuenchen\",\"https:\/\/x.com\/LimaSprachen\",\"https:\/\/www.instagram.com\/limasprachschule\/\",\"https:\/\/www.youtube.com\/channel\/UCGtyhoDdjW70De5B1Urlz2g\",\"https:\/\/t.me\/LimaSprachschuleLS\",\"https:\/\/www.youtube.com\/@limasprachschule8844\"]}]}<\/script>\n<!-- \/ Yoast SEO plugin. -->","yoast_head_json":{"title":"Franz\u00f6sisch Privatkurs - Lima Sprachschule","description":"\ud83c\udfaf Sprich Franz\u00f6sisch mit Selbstvertrauen! Unser Online-Privatkurs bietet dir die Flexibilit\u00e4t und individuelle Betreuung, die du brauchst. Erfahrene Lehrer & ma\u00dfgeschneiderte Inhalte. Jetzt Probestunde vereinbaren!","robots":{"index":"index","follow":"follow","max-snippet":"max-snippet:-1","max-image-preview":"max-image-preview:large","max-video-preview":"max-video-preview:-1"},"canonical":"https:\/\/lima-sprachschule.de\/it\/kurs\/franzoesisch-privatkurs-online\/","og_locale":"it_IT","og_type":"article","og_title":"Franz\u00f6sisch Privatkurs","og_description":"\ud83c\udfaf Sprich Franz\u00f6sisch mit Selbstvertrauen! Unser Online-Privatkurs bietet dir die Flexibilit\u00e4t und individuelle Betreuung, die du brauchst. Erfahrene Lehrer & ma\u00dfgeschneiderte Inhalte. Jetzt Probestunde vereinbaren!","og_url":"https:\/\/lima-sprachschule.de\/it\/kurs\/franzoesisch-privatkurs-online\/","og_site_name":"Lima Sprachschule","article_publisher":"https:\/\/www.facebook.com\/LimaSprachschuleinMuenchen","article_modified_time":"2025-02-28T08:30:39+00:00","og_image":[{"width":600,"height":600,"url":"https:\/\/lima-sprachschule.de\/wp-content\/uploads\/2025\/02\/Franzoesisch-Privatkurs-bei-der-lima-sprachshule.png","type":"image\/png"}],"twitter_card":"summary_large_image","twitter_site":"@LimaSprachen","twitter_misc":{"Tempo di lettura stimato":"7 minuti"},"schema":{"@context":"https:\/\/schema.org","@graph":[{"@type":"WebPage","@id":"https:\/\/lima-sprachschule.de\/it\/kurs\/franzoesisch-privatkurs-online\/","url":"https:\/\/lima-sprachschule.de\/it\/kurs\/franzoesisch-privatkurs-online\/","name":"Franz\u00f6sisch Privatkurs - Lima Sprachschule","isPartOf":{"@id":"https:\/\/lima-sprachschule.de\/it\/#website"},"primaryImageOfPage":{"@id":"https:\/\/lima-sprachschule.de\/it\/kurs\/franzoesisch-privatkurs-online\/#primaryimage"},"image":{"@id":"https:\/\/lima-sprachschule.de\/it\/kurs\/franzoesisch-privatkurs-online\/#primaryimage"},"thumbnailUrl":"https:\/\/lima-sprachschule.de\/wp-content\/uploads\/2025\/02\/Franzoesisch-Privatkurs-bei-der-lima-sprachshule.png","datePublished":"2025-02-27T21:01:46+00:00","dateModified":"2025-02-28T08:30:39+00:00","description":"\ud83c\udfaf Sprich Franz\u00f6sisch mit Selbstvertrauen! Unser Online-Privatkurs bietet dir die Flexibilit\u00e4t und individuelle Betreuung, die du brauchst. Erfahrene Lehrer & ma\u00dfgeschneiderte Inhalte. Jetzt Probestunde vereinbaren!","breadcrumb":{"@id":"https:\/\/lima-sprachschule.de\/it\/kurs\/franzoesisch-privatkurs-online\/#breadcrumb"},"inLanguage":"it-IT","potentialAction":[{"@type":"ReadAction","target":["https:\/\/lima-sprachschule.de\/it\/kurs\/franzoesisch-privatkurs-online\/"]}]},{"@type":"ImageObject","inLanguage":"it-IT","@id":"https:\/\/lima-sprachschule.de\/it\/kurs\/franzoesisch-privatkurs-online\/#primaryimage","url":"https:\/\/lima-sprachschule.de\/wp-content\/uploads\/2025\/02\/Franzoesisch-Privatkurs-bei-der-lima-sprachshule.png","contentUrl":"https:\/\/lima-sprachschule.de\/wp-content\/uploads\/2025\/02\/Franzoesisch-Privatkurs-bei-der-lima-sprachshule.png","width":600,"height":600},{"@type":"BreadcrumbList","@id":"https:\/\/lima-sprachschule.de\/it\/kurs\/franzoesisch-privatkurs-online\/#breadcrumb","itemListElement":[{"@type":"ListItem","position":1,"name":"Startseite","item":"https:\/\/lima-sprachschule.de\/it\/"},{"@type":"ListItem","position":2,"name":"Shop","item":"https:\/\/lima-sprachschule.de\/shop\/"},{"@type":"ListItem","position":3,"name":"Franz\u00f6sisch Privatkurs"}]},{"@type":"WebSite","@id":"https:\/\/lima-sprachschule.de\/it\/#website","url":"https:\/\/lima-sprachschule.de\/it\/","name":"Lima Sprachschule","description":"Sprachen lernen kann einfach sein!","publisher":{"@id":"https:\/\/lima-sprachschule.de\/it\/#organization"},"potentialAction":[{"@type":"SearchAction","target":{"@type":"EntryPoint","urlTemplate":"https:\/\/lima-sprachschule.de\/it\/?s={search_term_string}"},"query-input":{"@type":"PropertyValueSpecification","valueRequired":true,"valueName":"search_term_string"}}],"inLanguage":"it-IT"},{"@type":"Organization","@id":"https:\/\/lima-sprachschule.de\/it\/#organization","name":"Lima Sprachschule","alternateName":"LS","url":"https:\/\/lima-sprachschule.de\/it\/","logo":{"@type":"ImageObject","inLanguage":"it-IT","@id":"https:\/\/lima-sprachschule.de\/it\/#\/schema\/logo\/image\/","url":"https:\/\/lima-sprachschule.de\/wp-content\/uploads\/2025\/02\/logo-color-300px.png","contentUrl":"https:\/\/lima-sprachschule.de\/wp-content\/uploads\/2025\/02\/logo-color-300px.png","width":300,"height":234,"caption":"Lima Sprachschule"},"image":{"@id":"https:\/\/lima-sprachschule.de\/it\/#\/schema\/logo\/image\/"},"sameAs":["https:\/\/www.facebook.com\/LimaSprachschuleinMuenchen","https:\/\/x.com\/LimaSprachen","https:\/\/www.instagram.com\/limasprachschule\/","https:\/\/www.youtube.com\/channel\/UCGtyhoDdjW70De5B1Urlz2g","https:\/\/t.me\/LimaSprachschuleLS","https:\/\/www.youtube.com\/@limasprachschule8844"]}]}},"_links":{"self":[{"href":"https:\/\/lima-sprachschule.de\/it\/wp-json\/wp\/v2\/product\/4187","targetHints":{"allow":["GET"]}}],"collection":[{"href":"https:\/\/lima-sprachschule.de\/it\/wp-json\/wp\/v2\/product"}],"about":[{"href":"https:\/\/lima-sprachschule.de\/it\/wp-json\/wp\/v2\/types\/product"}],"replies":[{"embeddable":true,"href":"https:\/\/lima-sprachschule.de\/it\/wp-json\/wp\/v2\/comments?post=4187"}],"version-history":[{"count":15,"href":"https:\/\/lima-sprachschule.de\/it\/wp-json\/wp\/v2\/product\/4187\/revisions"}],"predecessor-version":[{"id":4412,"href":"https:\/\/lima-sprachschule.de\/it\/wp-json\/wp\/v2\/product\/4187\/revisions\/4412"}],"wp:featuredmedia":[{"embeddable":true,"href":"https:\/\/lima-sprachschule.de\/it\/wp-json\/wp\/v2\/media\/4199"}],"wp:attachment":[{"href":"https:\/\/lima-sprachschule.de\/it\/wp-json\/wp\/v2\/media?parent=4187"}],"wp:term":[{"taxonomy":"brand","embeddable":true,"href":"https:\/\/lima-sprachschule.de\/it\/wp-json\/wp\/v2\/etheme_brands?post=4187"},{"taxonomy":"product_brand","embeddable":true,"href":"https:\/\/lima-sprachschule.de\/it\/wp-json\/wp\/v2\/product_brand?post=4187"},{"taxonomy":"product_cat","embeddable":true,"href":"https:\/\/lima-sprachschule.de\/it\/wp-json\/wp\/v2\/product_cat?post=4187"},{"taxonomy":"product_tag","embeddable":true,"href":"https:\/\/lima-sprachschule.de\/it\/wp-json\/wp\/v2\/product_tag?post=4187"}],"curies":[{"name":"wp","href":"https:\/\/api.w.org\/{rel}","templated":true}]}}